{"id":236,"date":"2015-09-15T19:14:20","date_gmt":"2015-09-15T18:14:20","guid":{"rendered":"http:\/\/www.munkaviszony.hu\/?page_id=236"},"modified":"2016-03-02T10:59:22","modified_gmt":"2016-03-02T09:59:22","slug":"hr-business-partneri-szolgaltatasok","status":"publish","type":"page","link":"https:\/\/www.munkaviszony.hu\/?page_id=236","title":{"rendered":"HR Business partneri szolg\u00e1ltat\u00e1sok"},"content":{"rendered":"<div class=\"panel-grid\" id=\"pg-236-0\"><div class=\"panel-grid-core\"><div class=\"panel-grid-cell\" id=\"pgc-236-0-0\" ><p style=\"text-align: center;\"><img decoding=\"async\" src=\"https:\/\/www.munkaviszony.hu\/wp-content\/uploads\/2015\/09\/mnbbvv1.jpg\" alt=\"\" \/ ><\/p><\/div><div class=\"panel-grid-cell\" id=\"pgc-236-0-1\" ><p><span style=\"font-size: 14pt;\"><strong>HR Business partneri szolg\u00e1ltat\u00e1sok<\/strong><\/span><\/p><p><strong>HR Business Partner Light: Munkajogi partners\u00e9g<\/strong><\/p><p>A munkajogi partners\u00e9g egy olyan folyamatos szolg\u00e1ltat\u00e1s, mely a munka\u00fcgyi audit szolg\u00e1ltat\u00e1sait a szerz\u0151d\u00e9s hat\u00e1lya alatt folyamatosan biztos\u00edtja az \u00fcgyf\u00e9l sz\u00e1m\u00e1ra. Az \u00fcgyfelek egy el\u0151fizet\u0151i d\u00edj ellen\u00e9ben a munka\u00fcgyi audit szolg\u00e1ltat\u00e1sait folyamatosan ig\u00e9nybe vehetik. A t\u00e1mogat\u00e1st telefonon, e-mailen vagy \u00e9v k\u00f6zbeni t\u00f6bbsz\u00f6ri szem\u00e9lyes konzult\u00e1ci\u00f3 r\u00e9v\u00e9n biztos\u00edtva az \u00fcgyf\u00e9l kiszervezett saj\u00e1t HR oszt\u00e1lya lesz\u00fcnk. A munkajogi partners\u00e9g \u00e9ves el\u0151fizet\u00e9si d\u00edj ellen\u00e9ben vehet\u0151 ig\u00e9nybe.<\/p><p><strong>HR Business Partner<\/strong><\/p><p>A HR partners\u00e9g egy olyan folyamatos szolg\u00e1ltat\u00e1s, mely a HR audit szolg\u00e1ltat\u00e1sait a szerz\u0151d\u00e9s hat\u00e1lya alatt folyamatosan biztos\u00edtja az \u00fcgyf\u00e9l sz\u00e1m\u00e1ra. Az \u00fcgyfelek egy el\u0151fizet\u0151i d\u00edj ellen\u00e9ben a HR audit szolg\u00e1ltat\u00e1sait folyamatosan ig\u00e9nybe vehetik. A t\u00e1mogat\u00e1st telefonon, e-mailen vagy \u00e9v k\u00f6zbeni t\u00f6bbsz\u00f6ri szem\u00e9lyes konzult\u00e1ci\u00f3 r\u00e9v\u00e9n biztos\u00edtva az \u00fcgyf\u00e9l kiszervezett saj\u00e1t HR oszt\u00e1lya lesz\u00fcnk. A HR partners\u00e9g \u00e9ves el\u0151fizet\u00e9si d\u00edj ellen\u00e9ben vehet\u0151 ig\u00e9nybe.<\/p><\/div><\/div><\/div>","protected":false},"excerpt":{"rendered":"<p>HR Business partneri szolg\u00e1ltat\u00e1sokHR Business Partner Light: Munkajogi partners\u00e9gA munkajogi partners\u00e9g egy olyan folyamatos szolg\u00e1ltat\u00e1s, mely a munka\u00fcgyi audit szolg\u00e1ltat\u00e1sait a szerz\u0151d\u00e9s hat\u00e1lya alatt folyamatosan biztos\u00edtja az \u00fcgyf\u00e9l sz\u00e1m\u00e1ra. Az \u00fcgyfelek egy el\u0151fizet\u0151i d\u00edj ellen\u00e9ben a munka\u00fcgyi audit szolg\u00e1ltat\u00e1sait folyamatosan ig\u00e9nybe vehetik. A t\u00e1mogat\u00e1st telefonon, e-mailen vagy \u00e9v k\u00f6zbeni t\u00f6bbsz\u00f6ri szem\u00e9lyes konzult\u00e1ci\u00f3 r\u00e9v\u00e9n biztos\u00edtva az<\/p>\n<p class=\"more-link\"><a href=\"https:\/\/www.munkaviszony.hu\/?page_id=236\" class=\"themebutton2\">READ MORE<\/a><\/p>\n","protected":false},"author":1,"featured_media":706,"parent":87,"menu_order":0,"comment_status":"open","ping_status":"open","template":"","meta":{"_exactmetrics_skip_tracking":false,"_exactmetrics_sitenote_active":false,"_exactmetrics_sitenote_note":"","_exactmetrics_sitenote_category":0,"footnotes":""},"categories":[3],"tags":[],"class_list":["post-236","page","type-page","status-publish","has-post-thumbnail","hentry","category-szolgaltatasok"],"_links":{"self":[{"href":"https:\/\/www.munkaviszony.hu\/index.php?rest_route=\/wp\/v2\/pages\/236"}],"collection":[{"href":"https:\/\/www.munkaviszony.hu\/index.php?rest_route=\/wp\/v2\/pages"}],"about":[{"href":"https:\/\/www.munkaviszony.hu\/index.php?rest_route=\/wp\/v2\/types\/page"}],"author":[{"embeddable":true,"href":"https:\/\/www.munkaviszony.hu\/index.php?rest_route=\/wp\/v2\/users\/1"}],"replies":[{"embeddable":true,"href":"https:\/\/www.munkaviszony.hu\/index.php?rest_route=%2Fwp%2Fv2%2Fcomments&post=236"}],"version-history":[{"count":10,"href":"https:\/\/www.munkaviszony.hu\/index.php?rest_route=\/wp\/v2\/pages\/236\/revisions"}],"predecessor-version":[{"id":723,"href":"https:\/\/www.munkaviszony.hu\/index.php?rest_route=\/wp\/v2\/pages\/236\/revisions\/723"}],"up":[{"embeddable":true,"href":"https:\/\/www.munkaviszony.hu\/index.php?rest_route=\/wp\/v2\/pages\/87"}],"wp:featuredmedia":[{"embeddable":true,"href":"https:\/\/www.munkaviszony.hu\/index.php?rest_route=\/wp\/v2\/media\/706"}],"wp:attachment":[{"href":"https:\/\/www.munkaviszony.hu\/index.php?rest_route=%2Fwp%2Fv2%2Fmedia&parent=236"}],"wp:term":[{"taxonomy":"category","embeddable":true,"href":"https:\/\/www.munkaviszony.hu\/index.php?rest_route=%2Fwp%2Fv2%2Fcategories&post=236"},{"taxonomy":"post_tag","embeddable":true,"href":"https:\/\/www.munkaviszony.hu\/index.php?rest_route=%2Fwp%2Fv2%2Ftags&post=236"}],"curies":[{"name":"wp","href":"https:\/\/api.w.org\/{rel}","templated":true}]}}