{"id":703,"date":"2016-03-02T10:26:09","date_gmt":"2016-03-02T09:26:09","guid":{"rendered":"http:\/\/www.munkaviszony.hu\/?page_id=703"},"modified":"2017-06-28T09:56:07","modified_gmt":"2017-06-28T08:56:07","slug":"fooldal-2","status":"publish","type":"page","link":"https:\/\/www.munkaviszony.hu\/","title":{"rendered":"F\u0151oldal \u00faj"},"content":{"rendered":"<div class=\"panel-grid\" id=\"pg-703-0\"><div class=\"panel-grid-core\"><div class=\"panel-grid-cell\" id=\"pgc-703-0-0\" ><div id=\"thinkupshortcodesthinkup_builder_calltoaction\" class=\"thinkupshortcodesthinkup_builder_calltoaction sc-action\"><div class=\"sc-action-core\"><div class=\"action-message\"><div class=\"action-text\"><h3>HR Business Partneri szolg\u00e1ltat\u00e1sok profikt\u00f3l:<\/h3><\/div><div class=\"action-teaser\"><p>V\u00e1llalati HR tev\u00e9kenys\u00e9gek kiszervez\u00e9se, saj\u00e1t HR csoport szakmai t\u00e1mogat\u00e1sa.<\/p>\n<\/div><\/div><div class=\"action-link\"><a class=\"themebutton\" href=\"http:\/\/www.munkaviszony.hu\/?page_id=11230\"current>K\u00e9rjen szem\u00e9lyes konzult\u00e1ci\u00f3t!<\/a><\/div><div class=\"clearboth\"><\/div><\/div><\/div><style>#thinkupshortcodesthinkup_builder_calltoaction .action-text h3 { color: #242222; }#thinkupshortcodesthinkup_builder_calltoaction .action-teaser { color: #242222; }#thinkupshortcodesthinkup_builder_calltoaction .action-link a { color: #ffffff; }#thinkupshortcodesthinkup_builder_calltoaction .action-link a:hover { color: #D4C8C1; }#thinkupshortcodesthinkup_builder_calltoaction .action-link a { background: #DA262F; }#thinkupshortcodesthinkup_builder_calltoaction .action-link a:hover { background: #DA262F; }<\/style><p><img decoding=\"async\" src=\"https:\/\/www.munkaviszony.hu\/wp-content\/uploads\/2016\/03\/foglalkoztatas-torvenyesen-2.jpg\" alt=\"\" \/ ><\/p><\/div><\/div><\/div><div class=\"panel-grid\" id=\"pg-703-1\"><div class=\"panel-grid-core\"><div class=\"panel-grid-cell\" id=\"pgc-703-1-0\" ><h2 style=\"text-align: center;\"><span style=\"font-family: tahoma, arial, helvetica, sans-serif; color: #333333;\"><strong>Szolg\u00e1ltat\u00e1saink<\/strong><\/span><\/h2><\/div><\/div><\/div><div class=\"panel-grid\" id=\"pg-703-2\"><div class=\"panel-grid-core\"><div class=\"panel-grid-cell\" id=\"pgc-703-2-0\" >\r\n\t<div class=\"sc-carousel carousel-portfolio sc-postitem\">\r\n\t\t<ul class=\"sc-carousel port-thumb\">\r\n\t\t\t<li class=\"entry-header\">\r\n\t\t\t\t<a href=\"https:\/\/www.munkaviszony.hu\/?portfolio=munkaugyi-audit-3\"><img decoding=\"async\" src=\"https:\/\/www.munkaviszony.hu\/wp-content\/uploads\/2015\/09\/uztzttt.jpg\" \/><\/a><div class=\"image-overlay overlay2\"><div class=\"image-overlay-inner\"><div class=\"prettyphoto-wrap\"><div class=\"port-details style2\"><h4 class=\"port-title\"><a href=\"https:\/\/www.munkaviszony.hu\/?portfolio=munkaugyi-audit-3\">Munka\u00fcgyi audit<\/a><\/h4><p>Vajon rendben vannak munka\u00fcgyei? Munkaszerz\u0151d\u00e9sek? T\u00e1j\u00e9koztat\u00f3k? Szab\u00e1lyzatok? Bejelent\u00e9sek? Munkaid\u0151nyilv\u00e1ntart\u00e1sok?<\/p>\n<\/div><a class=\"hover-zoom prettyPhoto\" href=\"https:\/\/www.munkaviszony.hu\/wp-content\/uploads\/2015\/09\/uztzttt.jpg\"><\/a><a class=\"hover-link\" href=\"https:\/\/www.munkaviszony.hu\/?portfolio=munkaugyi-audit-3\"><\/a><\/div><\/div><\/div>\t\t\t<\/li><div class=\"clearboth\"><\/div>\r\n\t\t<\/ul>\t<\/div><\/div><div class=\"panel-grid-cell\" id=\"pgc-703-2-1\" >\r\n\t<div class=\"sc-carousel carousel-portfolio sc-postitem\">\r\n\t\t<ul class=\"sc-carousel port-thumb\">\r\n\t\t\t<li class=\"entry-header\">\r\n\t\t\t\t<a href=\"https:\/\/www.munkaviszony.hu\/?portfolio=hr-audit-4\"><img decoding=\"async\" src=\"https:\/\/www.munkaviszony.hu\/wp-content\/uploads\/2015\/09\/qwrttt.jpg\" \/><\/a><div class=\"image-overlay overlay2\"><div class=\"image-overlay-inner\"><div class=\"prettyphoto-wrap\"><div class=\"port-details style2\"><h4 class=\"port-title\"><a href=\"https:\/\/www.munkaviszony.hu\/?portfolio=hr-audit-4\">HR audit<\/a><\/h4><p>Biztos, hogy a leghat\u00e9konyabban kihaszn\u00e1lja a jogszab\u00e1lyok adta kereteket? Biztos, hogy munkat\u00e1rsai el\u00e9gedettek?<\/p>\n<\/div><a class=\"hover-zoom prettyPhoto\" href=\"https:\/\/www.munkaviszony.hu\/wp-content\/uploads\/2015\/09\/qwrttt.jpg\"><\/a><a class=\"hover-link\" href=\"https:\/\/www.munkaviszony.hu\/?portfolio=hr-audit-4\"><\/a><\/div><\/div><\/div>\t\t\t<\/li><div class=\"clearboth\"><\/div>\r\n\t\t<\/ul>\t<\/div><\/div><div class=\"panel-grid-cell\" id=\"pgc-703-2-2\" >\r\n\t<div class=\"sc-carousel carousel-portfolio sc-postitem\">\r\n\t\t<ul class=\"sc-carousel port-thumb\">\r\n\t\t\t<li class=\"entry-header\">\r\n\t\t\t\t<a href=\"https:\/\/www.munkaviszony.hu\/?portfolio=hr-business-partneri-szolgaltatasok\"><img decoding=\"async\" src=\"https:\/\/www.munkaviszony.hu\/wp-content\/uploads\/2015\/09\/mnbbvv1.jpg\" \/><\/a><div class=\"image-overlay overlay2\"><div class=\"image-overlay-inner\"><div class=\"prettyphoto-wrap\"><div class=\"port-details style2\"><h4 class=\"port-title\"><a href=\"https:\/\/www.munkaviszony.hu\/?portfolio=hr-business-partneri-szolgaltatasok\">HR Business partners\u00e9g<\/a><\/h4><p>Folyamatos HR szakmai t\u00e1mogat\u00e1sra van sz\u00fcks\u00e9ge? Szeretne szak\u00e9rt\u0151 seg\u00edts\u00e9get a felmer\u00fcl\u0151 probl\u00e9m\u00e1k megold\u00e1s\u00e1hoz?<\/p>\n<\/div><a class=\"hover-zoom prettyPhoto\" href=\"https:\/\/www.munkaviszony.hu\/wp-content\/uploads\/2015\/09\/mnbbvv1.jpg\"><\/a><a class=\"hover-link\" href=\"https:\/\/www.munkaviszony.hu\/?portfolio=hr-business-partneri-szolgaltatasok\"><\/a><\/div><\/div><\/div>\t\t\t<\/li><div class=\"clearboth\"><\/div>\r\n\t\t<\/ul>\t<\/div><\/div><div class=\"panel-grid-cell\" id=\"pgc-703-2-3\" >\r\n\t<div class=\"sc-carousel carousel-portfolio sc-postitem\">\r\n\t\t<ul class=\"sc-carousel port-thumb\">\r\n\t\t\t<li class=\"entry-header\">\r\n\t\t\t\t<a href=\"https:\/\/www.munkaviszony.hu\/?portfolio=hr-szolgaltatasok-beszerzesenek-tamogatasa\"><img decoding=\"async\" src=\"https:\/\/www.munkaviszony.hu\/wp-content\/uploads\/2015\/09\/wqwqwq.jpg\" \/><\/a><div class=\"image-overlay overlay2\"><div class=\"image-overlay-inner\"><div class=\"prettyphoto-wrap\"><div class=\"port-details style2\"><h4 class=\"port-title\"><a href=\"https:\/\/www.munkaviszony.hu\/?portfolio=hr-szolgaltatasok-beszerzesenek-tamogatasa\">HR szolg\u00e1ltat\u00e1sok beszerz\u00e9se<\/a><\/h4><p>Amennyiben HR szolg\u00e1ltat\u00e1sok beszerz\u00e9s\u00e9t int\u00e9zi, a sikeres \u00e9s szakszer\u0171 beszerz\u00e9shez keresse a Munkaviszony.hu Kft. atipikus foglalkoztat\u00e1sban \u00e9s munkaer\u0151piaci szolg\u00e1ltat\u00e1sokban j\u00e1rtas tan\u00e1csad\u00f3j\u00e1t!<\/p>\n<\/div><a class=\"hover-zoom prettyPhoto\" href=\"https:\/\/www.munkaviszony.hu\/wp-content\/uploads\/2015\/09\/wqwqwq.jpg\"><\/a><a class=\"hover-link\" href=\"https:\/\/www.munkaviszony.hu\/?portfolio=hr-szolgaltatasok-beszerzesenek-tamogatasa\"><\/a><\/div><\/div><\/div>\t\t\t<\/li><div class=\"clearboth\"><\/div>\r\n\t\t<\/ul>\t<\/div><\/div><\/div><\/div><div class=\"panel-grid\" id=\"pg-703-3\"><div class=\"panel-grid-core\"><div class=\"panel-grid-cell\" id=\"pgc-703-3-0\" ><p style=\"text-align: center;\"><strong><span style=\"font-family: tahoma, arial, helvetica, sans-serif; color: #333333; font-size: 14pt;\">Legyen naprak\u00e9sz a munka\u00fcgyekkel\u00a0kapcsolatban!<\/span><\/strong><\/p><div class=\"sc-carousel carousel-blog\" data-show=\"4\" data-scroll=\"1\" data-speed=\"500\" data-effect=\"directscroll\"><ul><li class=\"blog-article\"><div class=\"entry-header\"><a href=\"https:\/\/www.munkaviszony.hu\/?p=383\" ><img decoding=\"async\" src=\"https:\/\/www.munkaviszony.hu\/wp-content\/uploads\/2015\/10\/blog-k\u00e9p-1-285x190.jpg\" \/><\/a><div class=\"image-overlay\"><div class=\"image-overlay-inner\"><div class=\"hover-icons\"><a class=\"hover-zoom prettyPhoto\" href=\"https:\/\/www.munkaviszony.hu\/wp-content\/uploads\/2015\/10\/blog-k\u00e9p-1.jpg\"><\/a><a class=\"hover-link\" href=\"https:\/\/www.munkaviszony.hu\/?p=383\"><\/a><\/div><\/div><\/div><\/div><div class=\"entry-content\"><h4><a href=\"https:\/\/www.munkaviszony.hu\/?p=383\" >Mi\u00e9rt j\u00f3 a munkaer\u0151 - k\u00f6lcs\u00f6nz\u00e9s?<\/a><\/h4><p>A munkaer\u0151-k\u00f6lcs\u00f6nz\u00e9sr\u0151l \u00e1ltal\u00e1ban<\/p>\n<p>A munkaer\u0151-k\u00f6lcs\u00f6nz\u00e9s a nyugati gazdas\u00e1gokban bevett, rugalmas foglalkoztat\u00e1si<span class=\"carousel-excerpt-end\">...<\/span><\/div><\/li><li class=\"blog-article\"><div class=\"entry-header\"><a href=\"https:\/\/www.munkaviszony.hu\/?p=375\" ><img decoding=\"async\" src=\"https:\/\/www.munkaviszony.hu\/wp-content\/uploads\/2015\/10\/blog-k\u00e9p-1-285x190.jpg\" \/><\/a><div class=\"image-overlay\"><div class=\"image-overlay-inner\"><div class=\"hover-icons\"><a class=\"hover-zoom prettyPhoto\" href=\"https:\/\/www.munkaviszony.hu\/wp-content\/uploads\/2015\/10\/blog-k\u00e9p-1.jpg\"><\/a><a class=\"hover-link\" href=\"https:\/\/www.munkaviszony.hu\/?p=375\"><\/a><\/div><\/div><\/div><\/div><div class=\"entry-content\"><h4><a href=\"https:\/\/www.munkaviszony.hu\/?p=375\" >Mi\u00e9rt felel a munkav\u00e1llal\u00f3?<\/a><\/h4><p>A munkav\u00e9gz\u00e9s sor\u00e1n \u00f3hatatlanul el\u0151fordul, hogy a munkav\u00e1llal\u00f3 valamilyen k\u00e1rt<span class=\"carousel-excerpt-end\">...<\/span><\/div><\/li><li class=\"blog-article\"><div class=\"entry-header\"><a href=\"https:\/\/www.munkaviszony.hu\/?p=371\" ><img decoding=\"async\" src=\"https:\/\/www.munkaviszony.hu\/wp-content\/uploads\/2015\/10\/blog-k\u00e9p02-1-285x190.jpg\" \/><\/a><div class=\"image-overlay\"><div class=\"image-overlay-inner\"><div class=\"hover-icons\"><a class=\"hover-zoom prettyPhoto\" href=\"https:\/\/www.munkaviszony.hu\/wp-content\/uploads\/2015\/10\/blog-k\u00e9p02-1.jpg\"><\/a><a class=\"hover-link\" href=\"https:\/\/www.munkaviszony.hu\/?p=371\"><\/a><\/div><\/div><\/div><\/div><div class=\"entry-content\"><h4><a href=\"https:\/\/www.munkaviszony.hu\/?p=371\" >Foglalkoztassunk olcs\u00f3n: ad\u00f3kedvezm\u00e9nyek<\/a><\/h4><p>Magyarorsz\u00e1gon a foglalkoztat\u00e1s terhei a legmagasabbak k\u00f6z\u00e9 tartoznak Eur\u00f3p\u00e1ban -<span class=\"carousel-excerpt-end\">...<\/span><\/div><\/li><li class=\"blog-article\"><div class=\"entry-header\"><a href=\"https:\/\/www.munkaviszony.hu\/?p=360\" ><img decoding=\"async\" src=\"https:\/\/www.munkaviszony.hu\/wp-content\/uploads\/2015\/10\/blog-k\u00e9p02-1-285x190.jpg\" \/><\/a><div class=\"image-overlay\"><div class=\"image-overlay-inner\"><div class=\"hover-icons\"><a class=\"hover-zoom prettyPhoto\" href=\"https:\/\/www.munkaviszony.hu\/wp-content\/uploads\/2015\/10\/blog-k\u00e9p02-1.jpg\"><\/a><a class=\"hover-link\" href=\"https:\/\/www.munkaviszony.hu\/?p=360\"><\/a><\/div><\/div><\/div><\/div><div class=\"entry-content\"><h4><a href=\"https:\/\/www.munkaviszony.hu\/?p=360\" >A beh\u00edv\u00e1s szerinti munkav\u00e9gz\u00e9s<\/a><\/h4><p>Cikk\u00fcnk az Mt. 193. \u00a7-\u00e1t elemzi munkajogi, t\u00e1rsadalombiztos\u00edt\u00e1si, k\u00f6zgazdas\u00e1gi, HR<span class=\"carousel-excerpt-end\">...<\/span><\/div><\/li><li class=\"blog-article\"><div class=\"entry-header\"><a href=\"https:\/\/www.munkaviszony.hu\/?p=275\" ><img decoding=\"async\" src=\"https:\/\/www.munkaviszony.hu\/wp-content\/uploads\/2014\/07\/a07678a7-43d5-4437-a4f8-7ea74ed1c49c-285x190.jpg\" \/><\/a><div class=\"image-overlay\"><div class=\"image-overlay-inner\"><div class=\"hover-icons\"><a class=\"hover-zoom prettyPhoto\" href=\"https:\/\/www.munkaviszony.hu\/wp-content\/uploads\/2014\/07\/a07678a7-43d5-4437-a4f8-7ea74ed1c49c.jpg\"><\/a><a class=\"hover-link\" href=\"https:\/\/www.munkaviszony.hu\/?p=275\"><\/a><\/div><\/div><\/div><\/div><div class=\"entry-content\"><h4><a href=\"https:\/\/www.munkaviszony.hu\/?p=275\" >Pozit\u00edv gondolkod\u00e1s, \u00f6n\u00e1m\u00edt\u00e1s, \u00e9s a munkajog<\/a><\/h4><p>\u00c9rdekes h\u00edr jelent meg nemr\u00e9g egy h\u00edres tengerent\u00fali aut\u00f3gy\u00e1rr\u00f3l, a<span class=\"carousel-excerpt-end\">...<\/span><\/div><\/li><li class=\"blog-article\"><div class=\"entry-header\"><a href=\"https:\/\/www.munkaviszony.hu\/?p=329\" ><img decoding=\"async\" src=\"https:\/\/www.munkaviszony.hu\/wp-content\/uploads\/2016\/03\/dummy-285x190.jpg\" \/><\/a><div class=\"image-overlay\"><div class=\"image-overlay-inner\"><div class=\"hover-icons\"><a class=\"hover-zoom prettyPhoto\" href=\"https:\/\/www.munkaviszony.hu\/wp-content\/uploads\/2016\/03\/dummy.jpg\"><\/a><a class=\"hover-link\" href=\"https:\/\/www.munkaviszony.hu\/?p=329\"><\/a><\/div><\/div><\/div><\/div><div class=\"entry-content\"><h4><a href=\"https:\/\/www.munkaviszony.hu\/?p=329\" >Kih\u00edv\u00e1sok el\u0151tt a k\u00f6lcs\u00f6nvev\u0151k is<\/a><\/h4><p>A gazdas\u00e1gi \u00e9let kil\u00e1t\u00e1sainak javul\u00e1s\u00e1val emelkedik a foglalkoztat\u00e1s, \u00e9s \u00edgy<span class=\"carousel-excerpt-end\">...<\/span><\/div><\/li><li class=\"blog-article\"><div class=\"entry-header\"><a href=\"https:\/\/www.munkaviszony.hu\/?p=327\" ><img decoding=\"async\" src=\"https:\/\/www.munkaviszony.hu\/wp-content\/uploads\/2016\/03\/dummy-285x190.jpg\" \/><\/a><div class=\"image-overlay\"><div class=\"image-overlay-inner\"><div class=\"hover-icons\"><a class=\"hover-zoom prettyPhoto\" href=\"https:\/\/www.munkaviszony.hu\/wp-content\/uploads\/2016\/03\/dummy.jpg\"><\/a><a class=\"hover-link\" href=\"https:\/\/www.munkaviszony.hu\/?p=327\"><\/a><\/div><\/div><\/div><\/div><div class=\"entry-content\"><h4><a href=\"https:\/\/www.munkaviszony.hu\/?p=327\" >\u00cdgy \u00e9rt\u00e9kelje a munkav\u00e1llal\u00f3kat<\/a><\/h4><p>A munkav\u00e1llal\u00f3k \u00e9rt\u00e9kel\u00e9se sok vezet\u0151nek k\u00ednos, kellemetlen feladat. Kellemetlen ny\u00edltan<span class=\"carousel-excerpt-end\">...<\/span><\/div><\/li><li class=\"blog-article\"><div class=\"entry-header\"><a href=\"https:\/\/www.munkaviszony.hu\/?p=10901\" ><img decoding=\"async\" src=\"https:\/\/www.munkaviszony.hu\/wp-content\/uploads\/2016\/03\/dummy-285x190.jpg\" \/><\/a><div class=\"image-overlay\"><div class=\"image-overlay-inner\"><div class=\"hover-icons\"><a class=\"hover-zoom prettyPhoto\" href=\"https:\/\/www.munkaviszony.hu\/wp-content\/uploads\/2016\/03\/dummy.jpg\"><\/a><a class=\"hover-link\" href=\"https:\/\/www.munkaviszony.hu\/?p=10901\"><\/a><\/div><\/div><\/div><\/div><div class=\"entry-content\"><h4><a href=\"https:\/\/www.munkaviszony.hu\/?p=10901\" >Image Post<\/a><\/h4><p>Proin vel diam id dui pharetra commodo. Praesent commodo enim<span class=\"carousel-excerpt-end\">...<\/span><\/div><\/li><li class=\"blog-article\"><div class=\"entry-header\"><a href=\"https:\/\/www.munkaviszony.hu\/?p=195\" ><img decoding=\"async\" src=\"https:\/\/www.munkaviszony.hu\/wp-content\/uploads\/2016\/03\/dummy-285x190.jpg\" \/><\/a><div class=\"image-overlay\"><div class=\"image-overlay-inner\"><div class=\"hover-icons\"><a class=\"hover-zoom prettyPhoto\" href=\"https:\/\/www.munkaviszony.hu\/wp-content\/uploads\/2016\/03\/dummy.jpg\"><\/a><a class=\"hover-link\" href=\"https:\/\/www.munkaviszony.hu\/?p=195\"><\/a><\/div><\/div><\/div><\/div><div class=\"entry-content\"><h4><a href=\"https:\/\/www.munkaviszony.hu\/?p=195\" >Gallery Post<\/a><\/h4><p>Proin vel diam id dui pharetra commodo. Praesent commodo enim<span class=\"carousel-excerpt-end\">...<\/span><\/div><\/li><li class=\"blog-article\"><div class=\"entry-header\"><a href=\"https:\/\/www.munkaviszony.hu\/?p=194\" ><img decoding=\"async\" src=\"https:\/\/www.munkaviszony.hu\/wp-content\/uploads\/2016\/03\/dummy-285x190.jpg\" \/><\/a><div class=\"image-overlay\"><div class=\"image-overlay-inner\"><div class=\"hover-icons\"><a class=\"hover-zoom prettyPhoto\" href=\"https:\/\/www.munkaviszony.hu\/wp-content\/uploads\/2016\/03\/dummy.jpg\"><\/a><a class=\"hover-link\" href=\"https:\/\/www.munkaviszony.hu\/?p=194\"><\/a><\/div><\/div><\/div><\/div><div class=\"entry-content\"><h4><a href=\"https:\/\/www.munkaviszony.hu\/?p=194\" >Video Post<\/a><\/h4><p>Proin vel diam id dui pharetra commodo. Praesent commodo enim<span class=\"carousel-excerpt-end\">...<\/span><\/div><\/li><\/ul><div class=\"caroufredsel_nav\"><a class=\"prev\" id=\"thinkupshortcodescarousel_blog_prev\" href=\"#\"><i class=\"fa fa-angle-left\"><\/i><\/a><a class=\"next\" id=\"thinkupshortcodescarousel_blog_next\" href=\"#\"><i class=\"fa fa-angle-right\"><\/i><\/a><\/div><div class=\"clearboth\"><\/div><\/div><\/div><\/div><\/div><div class=\"panel-grid\" id=\"pg-703-4\"><div class=\"panel-grid-core\"><div class=\"panel-grid-cell\" id=\"pgc-703-4-0\" ><div id=\"thinkupshortcodesthinkup_builder_calltoaction1\" class=\"thinkupshortcodesthinkup_builder_calltoaction1 sc-action\"><div class=\"sc-action-core\"><div class=\"action-message\"><div class=\"action-text\"><h3>Munka\u00fcgyi v\u00e9szhelyzet?<\/h3><\/div><div class=\"action-teaser\"><p>Ha megjelent a munka\u00fcgyi fel\u00fcgyel\u0151, egy munkav\u00e1llal\u00f3ja perrel fenyegeti vagy el szeretn\u00e9 bocs\u00e1jtani: K\u00c9RJEN VISSZAH\u00cdV\u00c1ST!<\/p>\n<\/div><\/div><div class=\"action-link\"><a class=\"themebutton\" href=\"http:\/\/www.munkaviszony.hu\/?page_id=11230\"current>Visszah\u00edv\u00e1st k\u00e9rek!<\/a><\/div><div class=\"clearboth\"><\/div><\/div><\/div><style>#thinkupshortcodesthinkup_builder_calltoaction1 .action-text h3 { color: #242222; }#thinkupshortcodesthinkup_builder_calltoaction1 .action-teaser { color: #242222; }#thinkupshortcodesthinkup_builder_calltoaction1 .action-link a { color: #ffffff; }#thinkupshortcodesthinkup_builder_calltoaction1 .action-link a:hover { color: #D4C8C1; }#thinkupshortcodesthinkup_builder_calltoaction1 .action-link a { background: #DA262F; }#thinkupshortcodesthinkup_builder_calltoaction1 .action-link a:hover { background: #DA262F; }<\/style><\/div><\/div><\/div>","protected":false},"excerpt":{"rendered":"<p>HR Business Partneri szolg\u00e1ltat\u00e1sok profikt\u00f3l:V\u00e1llalati HR tev\u00e9kenys\u00e9gek kiszervez\u00e9se, saj\u00e1t HR csoport szakmai t\u00e1mogat\u00e1sa. K\u00e9rjen szem\u00e9lyes konzult\u00e1ci\u00f3t!Szolg\u00e1ltat\u00e1saink Munka\u00fcgyi auditVajon rendben vannak munka\u00fcgyei? Munkaszerz\u0151d\u00e9sek? T\u00e1j\u00e9koztat\u00f3k? Szab\u00e1lyzatok? Bejelent\u00e9sek? Munkaid\u0151nyilv\u00e1ntart\u00e1sok? HR auditBiztos, hogy a leghat\u00e9konyabban kihaszn\u00e1lja a jogszab\u00e1lyok adta kereteket? Biztos, hogy munkat\u00e1rsai el\u00e9gedettek? HR Business partners\u00e9gFolyamatos HR szakmai t\u00e1mogat\u00e1sra van sz\u00fcks\u00e9ge? Szeretne szak\u00e9rt\u0151 seg\u00edts\u00e9get a felmer\u00fcl\u0151 probl\u00e9m\u00e1k megold\u00e1s\u00e1hoz?<\/p>\n<p class=\"more-link\"><a href=\"https:\/\/www.munkaviszony.hu\/\" class=\"themebutton2\">READ MORE<\/a><\/p>\n","protected":false},"author":1,"featured_media":0,"parent":0,"menu_order":0,"comment_status":"closed","ping_status":"closed","template":"","meta":{"_exactmetrics_skip_tracking":false,"_exactmetrics_sitenote_active":false,"_exactmetrics_sitenote_note":"","_exactmetrics_sitenote_category":0,"footnotes":""},"categories":[],"tags":[],"class_list":["post-703","page","type-page","status-publish","hentry"],"_links":{"self":[{"href":"https:\/\/www.munkaviszony.hu\/index.php?rest_route=\/wp\/v2\/pages\/703"}],"collection":[{"href":"https:\/\/www.munkaviszony.hu\/index.php?rest_route=\/wp\/v2\/pages"}],"about":[{"href":"https:\/\/www.munkaviszony.hu\/index.php?rest_route=\/wp\/v2\/types\/page"}],"author":[{"embeddable":true,"href":"https:\/\/www.munkaviszony.hu\/index.php?rest_route=\/wp\/v2\/users\/1"}],"replies":[{"embeddable":true,"href":"https:\/\/www.munkaviszony.hu\/index.php?rest_route=%2Fwp%2Fv2%2Fcomments&post=703"}],"version-history":[{"count":52,"href":"https:\/\/www.munkaviszony.hu\/index.php?rest_route=\/wp\/v2\/pages\/703\/revisions"}],"predecessor-version":[{"id":11309,"href":"https:\/\/www.munkaviszony.hu\/index.php?rest_route=\/wp\/v2\/pages\/703\/revisions\/11309"}],"wp:attachment":[{"href":"https:\/\/www.munkaviszony.hu\/index.php?rest_route=%2Fwp%2Fv2%2Fmedia&parent=703"}],"wp:term":[{"taxonomy":"category","embeddable":true,"href":"https:\/\/www.munkaviszony.hu\/index.php?rest_route=%2Fwp%2Fv2%2Fcategories&post=703"},{"taxonomy":"post_tag","embeddable":true,"href":"https:\/\/www.munkaviszony.hu\/index.php?rest_route=%2Fwp%2Fv2%2Ftags&post=703"}],"curies":[{"name":"wp","href":"https:\/\/api.w.org\/{rel}","templated":true}]}}